{"id":83,"date":"2014-01-09T19:13:57","date_gmt":"2014-01-09T18:13:57","guid":{"rendered":"http:\/\/monikasokol.pl\/?page_id=83"},"modified":"2018-10-10T20:33:05","modified_gmt":"2018-10-10T18:33:05","slug":"ciezkie-zycie","status":"publish","type":"page","link":"http:\/\/monikasokol.pl\/?page_id=83","title":{"rendered":"Ci\u0119\u017ckie \u017cycie"},"content":{"rendered":"<div id='gallery-1' class='gallery galleryid-83 gallery-columns-3 gallery-size-thumbnail'><figure class='gallery-item'>\n\t\t\t<div class='gallery-icon portrait'>\n\t\t\t\t<a href='http:\/\/monikasokol.pl\/?attachment_id=84'><img loading=\"lazy\" decoding=\"async\" width=\"150\" height=\"150\" src=\"http:\/\/monikasokol.pl\/wp-content\/uploads\/2014\/01\/ciezkie-zycie_maly-150x150.jpg\" class=\"attachment-thumbnail size-thumbnail\" alt=\"\" aria-describedby=\"gallery-1-84\" \/><\/a>\n\t\t\t<\/div>\n\t\t\t\t<figcaption class='wp-caption-text gallery-caption' id='gallery-1-84'>\n\t\t\t\tQuenta nr 7\n\t\t\t\t<\/figcaption><\/figure>\n\t\t<\/div>\n\n<p>To jest opowiadanie napisane wieki temu dla w\u0142asnej przyjemno\u015bci, a potem wys\u0142ane\u00a0 2005 roku na konkurs organizowany przez Galicyjsk\u0105 Gildi\u0119 Fan\u00f3w Fantastyki (d\u0142uga nazwa), gdzie otrzyma\u0142o wyr\u00f3\u017cnienie.<\/p>\n<p>Jak zwykle umieszczam fragment i na samym dole, pod fragmentem, ca\u0142o\u015b\u0107 w pdf.<\/p>\n<p><em>Monika Sok\u00f3\u0142<\/em><\/p>\n<p><strong>Ci\u0119\u017ckie \u017cycie <\/strong>&#8211; fragment<\/p>\n<p align=\"JUSTIFY\">&#8211; I \u017ceby by\u0142 du\u017cy! \u2013 powiedzia\u0142 Errik.<\/p>\n<p lang=\"pl-PL\" align=\"JUSTIFY\"><span style=\"font-size: medium;\"> &#8211; I silny \u2013 doda\u0142 Rikker.<\/span><\/p>\n<p lang=\"pl-PL\" align=\"JUSTIFY\"><span style=\"font-size: medium;\"> &#8211; I inteligentny \u2013 odezwa\u0142 si\u0119 Leach.<\/span><\/p>\n<p lang=\"pl-PL\" align=\"JUSTIFY\"><span style=\"font-size: medium;\"> &#8211; I szybki \u2013 u\u015bmiechn\u0119\u0142a si\u0119 Mara.<\/span><\/p>\n<p lang=\"pl-PL\" align=\"JUSTIFY\"><span style=\"font-size: medium;\"> &#8211; No i \u017ceby umia\u0142 czarowa\u0107. \u2013 Zako\u0144czy\u0142a wyliczank\u0119 Lorimar. <\/span><\/p>\n<p lang=\"pl-PL\" align=\"JUSTIFY\"><span style=\"font-size: medium;\"> &#8211; To w ko\u0144cu, co to ma by\u0107?! Demon czy koncert \u017cycze\u0144?! \u2013 Arcymistrz Przywo\u0142a\u0144 siedzia\u0142 za biurkiem i patrzy\u0142 wrogo na band\u0119 zabijak\u00f3w, kt\u00f3rzy wtargn\u0119li do jego domu.<\/span><\/p>\n<p lang=\"pl-PL\" align=\"JUSTIFY\"><span style=\"font-size: medium;\"> &#8211; Demon. Tylko porz\u0105dny \u2013 u\u015bci\u015bli\u0142a magiczka.<\/span><\/p>\n<p lang=\"pl-PL\" align=\"JUSTIFY\"><span style=\"font-size: medium;\"> &#8211; Chyba nie wiecie, o co mnie prosicie? \u2013 Arcymistrz popatrzy\u0142 na nich<br \/>\nz niedowierzaniem. \u2013 Je\u015bli przywo\u0142am wam takiego demona, to ze starcia z nim nie wyjdziecie \u017cywi.<\/span><\/p>\n<p lang=\"pl-PL\" align=\"JUSTIFY\"><span style=\"font-size: medium;\"> Ze zdziwieniem zobaczy\u0142, jak na twarzach wszystkich cz\u0142onk\u00f3w dru\u017cyny zago\u015bci\u0142 szeroki u\u015bmiech.<\/span><\/p>\n<p lang=\"pl-PL\" align=\"JUSTIFY\"><span style=\"font-size: medium;\"> &#8211; Powariowali. \u2013 Pokr\u0119ci\u0142 g\u0142ow\u0105, ale zabra\u0142 si\u0119 za szukanie odpowiedniej ksi\u0119gi. <\/span><\/p>\n<p lang=\"pl-PL\" align=\"JUSTIFY\"><a href=\"http:\/\/monikasokol.pl\/wp-content\/uploads\/2014\/01\/Ci\u0119\u017ckie-\u017cycie.pdf\">Ci\u0119\u017ckie \u017cycie<\/a> &#8211; ca\u0142o\u015b\u0107 w wersji pdf.<\/p>\n<div id=\"fb-root\"><\/div><script src=\"http:\/\/connect.facebook.net\/en_US\/all.js#xfbml=1\"><\/script><fb:like href=\"http:\/\/monikasokol.pl\/?page_id=83\" send=\"true\" layout=\"standard\" width=\"450\" show_faces=\"true\" font=\"arial\" action=\"like\" colorscheme=\"light\"><\/fb:like>","protected":false},"excerpt":{"rendered":"<p>To jest opowiadanie napisane wieki temu dla w\u0142asnej przyjemno\u015bci, a potem wys\u0142ane\u00a0 2005 roku na konkurs organizowany przez Galicyjsk\u0105 Gildi\u0119 Fan\u00f3w Fantastyki (d\u0142uga nazwa), gdzie otrzyma\u0142o wyr\u00f3\u017cnienie. Jak zwykle umieszczam fragment i na samym dole, pod fragmentem, ca\u0142o\u015b\u0107 w pdf. Monika Sok\u00f3\u0142 Ci\u0119\u017ckie \u017cycie &#8211; fragment &#8211; I \u017ceby by\u0142 du\u017cy! \u2013 powiedzia\u0142 Errik. &#8211; &hellip; <a href=\"http:\/\/monikasokol.pl\/?page_id=83\" class=\"more-link\">Czytaj dalej <span class=\"screen-reader-text\">Ci\u0119\u017ckie \u017cycie<\/span><\/a><\/p>\n","protected":false},"author":1,"featured_media":0,"parent":22,"menu_order":14,"comment_status":"open","ping_status":"closed","template":"","meta":{"footnotes":""},"class_list":["post-83","page","type-page","status-publish","hentry"],"_links":{"self":[{"href":"http:\/\/monikasokol.pl\/index.php?rest_route=\/wp\/v2\/pages\/83","targetHints":{"allow":["GET"]}}],"collection":[{"href":"http:\/\/monikasokol.pl\/index.php?rest_route=\/wp\/v2\/pages"}],"about":[{"href":"http:\/\/monikasokol.pl\/index.php?rest_route=\/wp\/v2\/types\/page"}],"author":[{"embeddable":true,"href":"http:\/\/monikasokol.pl\/index.php?rest_route=\/wp\/v2\/users\/1"}],"replies":[{"embeddable":true,"href":"http:\/\/monikasokol.pl\/index.php?rest_route=%2Fwp%2Fv2%2Fcomments&post=83"}],"version-history":[{"count":2,"href":"http:\/\/monikasokol.pl\/index.php?rest_route=\/wp\/v2\/pages\/83\/revisions"}],"predecessor-version":[{"id":142,"href":"http:\/\/monikasokol.pl\/index.php?rest_route=\/wp\/v2\/pages\/83\/revisions\/142"}],"up":[{"embeddable":true,"href":"http:\/\/monikasokol.pl\/index.php?rest_route=\/wp\/v2\/pages\/22"}],"wp:attachment":[{"href":"http:\/\/monikasokol.pl\/index.php?rest_route=%2Fwp%2Fv2%2Fmedia&parent=83"}],"curies":[{"name":"wp","href":"https:\/\/api.w.org\/{rel}","templated":true}]}}